{"id":1165,"date":"2022-06-08T13:43:09","date_gmt":"2022-06-08T13:43:09","guid":{"rendered":"https:\/\/vakantieparkzevenbergen.nl\/wp\/parc\/location\/"},"modified":"2023-01-23T15:23:41","modified_gmt":"2023-01-23T15:23:41","slug":"location","status":"publish","type":"page","link":"https:\/\/vakantieparkzevenbergen.nl\/fr\/parc\/location\/","title":{"rendered":"Location"},"content":{"rendered":"<p>[et_pb_section fb_built=\u00a0\u00bb1&Prime; _builder_version=\u00a0\u00bb4.17.4&Prime; _module_preset=\u00a0\u00bbdefault\u00a0\u00bb background_image=\u00a0\u00bbhttps:\/\/vakantieparkzevenbergen.nl\/wp\/wp-content\/uploads\/2022\/06\/Bolderkar-en-fietsverhuur-1-scaled.jpg\u00a0\u00bb da_disable_devices=\u00a0\u00bboff|off|off\u00a0\u00bb global_colors_info=\u00a0\u00bb{}\u00a0\u00bb da_is_popup=\u00a0\u00bboff\u00a0\u00bb da_exit_intent=\u00a0\u00bboff\u00a0\u00bb da_has_close=\u00a0\u00bbon\u00a0\u00bb da_alt_close=\u00a0\u00bboff\u00a0\u00bb da_dark_close=\u00a0\u00bboff\u00a0\u00bb da_not_modal=\u00a0\u00bbon\u00a0\u00bb da_is_singular=\u00a0\u00bboff\u00a0\u00bb da_with_loader=\u00a0\u00bboff\u00a0\u00bb da_has_shadow=\u00a0\u00bbon\u00a0\u00bb][et_pb_row custom_padding_last_edited=\u00a0\u00bbon|phone\u00a0\u00bb _builder_version=\u00a0\u00bb4.17.4&Prime; _module_preset=\u00a0\u00bbdefault\u00a0\u00bb custom_padding=\u00a0\u00bb100px||100px||false|false\u00a0\u00bb custom_padding_tablet=\u00a0\u00bb150px||150px||false|false\u00a0\u00bb custom_padding_phone=\u00a0\u00bb150px||150px||false|false\u00a0\u00bb hover_enabled=\u00a0\u00bb0&Prime; global_colors_info=\u00a0\u00bb{}\u00a0\u00bb sticky_enabled=\u00a0\u00bb0&Prime;][et_pb_column type=\u00a0\u00bb4_4&Prime; _builder_version=\u00a0\u00bb4.17.4&Prime; _module_preset=\u00a0\u00bbdefault\u00a0\u00bb global_colors_info=\u00a0\u00bb{}\u00a0\u00bb][et_pb_text _builder_version=\u00a0\u00bb4.17.4&Prime; _module_preset=\u00a0\u00bbdefault\u00a0\u00bb header_font=\u00a0\u00bbAnton||||||||\u00a0\u00bb header_text_color=\u00a0\u00bb#FFFFFF\u00a0\u00bb header_font_size=\u00a0\u00bb55px\u00a0\u00bb header_line_height=\u00a0\u00bb1.2em\u00a0\u00bb global_colors_info=\u00a0\u00bb{}\u00a0\u00bb]<\/p>\n<h1>Grand<br \/>plaisir \u00e0 v\u00e9lo<\/h1>\n<p>[\/et_pb_text][\/et_pb_column][\/et_pb_row][\/et_pb_section][et_pb_section fb_built=\u00a0\u00bb1&Prime; _builder_version=\u00a0\u00bb4.17.4&Prime; _module_preset=\u00a0\u00bbdefault\u00a0\u00bb custom_padding=\u00a0\u00bb||0px||false|false\u00a0\u00bb da_disable_devices=\u00a0\u00bboff|off|off\u00a0\u00bb global_colors_info=\u00a0\u00bb{}\u00a0\u00bb da_is_popup=\u00a0\u00bboff\u00a0\u00bb da_exit_intent=\u00a0\u00bboff\u00a0\u00bb da_has_close=\u00a0\u00bbon\u00a0\u00bb da_alt_close=\u00a0\u00bboff\u00a0\u00bb da_dark_close=\u00a0\u00bboff\u00a0\u00bb da_not_modal=\u00a0\u00bbon\u00a0\u00bb da_is_singular=\u00a0\u00bboff\u00a0\u00bb da_with_loader=\u00a0\u00bboff\u00a0\u00bb da_has_shadow=\u00a0\u00bbon\u00a0\u00bb][et_pb_row custom_padding_last_edited=\u00a0\u00bbon|tablet\u00a0\u00bb _builder_version=\u00a0\u00bb4.17.4&Prime; _module_preset=\u00a0\u00bbdefault\u00a0\u00bb custom_padding=\u00a0\u00bb20px|250px|0px|250px|false|false\u00a0\u00bb custom_padding_tablet=\u00a0\u00bb|0px||0px|false|false\u00a0\u00bb custom_padding_phone=\u00a0\u00bb|0px||0px|false|false\u00a0\u00bb global_colors_info=\u00a0\u00bb{}\u00a0\u00bb][et_pb_column type=\u00a0\u00bb4_4&Prime; _builder_version=\u00a0\u00bb4.17.4&Prime; _module_preset=\u00a0\u00bbdefault\u00a0\u00bb global_colors_info=\u00a0\u00bb{}\u00a0\u00bb][et_pb_text _builder_version=\u00a0\u00bb4.17.4&Prime; _module_preset=\u00a0\u00bbdefault\u00a0\u00bb header_2_font=\u00a0\u00bbAnton||||||||\u00a0\u00bb header_2_text_align=\u00a0\u00bbcenter\u00a0\u00bb header_2_text_color=\u00a0\u00bb#00aba8&Prime; header_2_font_size=\u00a0\u00bb29px\u00a0\u00bb global_colors_info=\u00a0\u00bb{}\u00a0\u00bb]<\/p>\n<h2>Location de voiture et de v\u00e9lo bouteille<\/h2>\n<p>[\/et_pb_text][et_pb_text _builder_version=\u00a0\u00bb4.17.4&Prime; _module_preset=\u00a0\u00bbdefault\u00a0\u00bb text_text_color=\u00a0\u00bb#000000&Prime; custom_padding=\u00a0\u00bb||40px||false|false\u00a0\u00bb custom_padding_tablet=\u00a0\u00bb|0px||0px|false|false\u00a0\u00bb custom_padding_phone=\u00a0\u00bb|0px||0px|false|false\u00a0\u00bb custom_padding_last_edited=\u00a0\u00bbon|tablet\u00a0\u00bb global_colors_info=\u00a0\u00bb{}\u00a0\u00bb]<\/p>\n<p>Vous n&rsquo;avez pas amen\u00e9 de v\u00e9lo dans le Brabant, mais vous aimeriez faire une agr\u00e9able balade \u00e0 v\u00e9lo ? Bien, c&rsquo;est possible. Le parc dispose de plusieurs v\u00e9los que vous pouvez louer, hommes, femmes et enfants. Excellents v\u00e9los pour explorer la r\u00e9gion. Une charrette \u00e0 bras est \u00e9galement disponible. Agr\u00e9able d&rsquo;explorer la r\u00e9gion avec des enfants plus petits de cette fa\u00e7on. La charrette \u00e0 bras du parc de vacances Zevenbergen est l\u00e9g\u00e8re, donc pratique \u00e0 utiliser. La charrette \u00e0 bras est \u00e9galement assez grande pour emmener plusieurs enfants ou effets personnels \u00e0 leur destination, par exemple le magnifique \u00e9tang du Bomenpark. Il est conseill\u00e9 de r\u00e9server les v\u00e9los et la charrette \u00e0 bras \u00e0 temps, afin de ne rien manquer.<\/p>\n<p>[\/et_pb_text][et_pb_text _builder_version=\u00a0\u00bb4.17.4&Prime; _module_preset=\u00a0\u00bbdefault\u00a0\u00bb global_colors_info=\u00a0\u00bb{}\u00a0\u00bb]<\/p>\nngg_shortcode_0_placeholder\n<p>[\/et_pb_text][\/et_pb_column][\/et_pb_row][\/et_pb_section][et_pb_section fb_built=\u00a0\u00bb1&Prime; _builder_version=\u00a0\u00bb4.17.4&Prime; _module_preset=\u00a0\u00bbdefault\u00a0\u00bb custom_padding=\u00a0\u00bb30px||50px||false|false\u00a0\u00bb da_disable_devices=\u00a0\u00bboff|off|off\u00a0\u00bb global_colors_info=\u00a0\u00bb{}\u00a0\u00bb da_is_popup=\u00a0\u00bboff\u00a0\u00bb da_exit_intent=\u00a0\u00bboff\u00a0\u00bb da_has_close=\u00a0\u00bbon\u00a0\u00bb da_alt_close=\u00a0\u00bboff\u00a0\u00bb da_dark_close=\u00a0\u00bboff\u00a0\u00bb da_not_modal=\u00a0\u00bbon\u00a0\u00bb da_is_singular=\u00a0\u00bboff\u00a0\u00bb da_with_loader=\u00a0\u00bboff\u00a0\u00bb da_has_shadow=\u00a0\u00bbon\u00a0\u00bb][et_pb_row column_structure=\u00a0\u00bb1_3,1_3,1_3&Prime; use_custom_gutter=\u00a0\u00bbon\u00a0\u00bb gutter_width=\u00a0\u00bb1&Prime; make_equal=\u00a0\u00bbon\u00a0\u00bb custom_padding_last_edited=\u00a0\u00bbon|desktop\u00a0\u00bb _builder_version=\u00a0\u00bb4.17.4&Prime; _module_preset=\u00a0\u00bbdefault\u00a0\u00bb custom_padding=\u00a0\u00bb0px|60px|0px|250px|false|false\u00a0\u00bb custom_padding_tablet=\u00a0\u00bb|0px||0px|false|false\u00a0\u00bb custom_padding_phone=\u00a0\u00bb|0px||0px|false|false\u00a0\u00bb global_colors_info=\u00a0\u00bb{}\u00a0\u00bb][et_pb_column type=\u00a0\u00bb1_3&Prime; _builder_version=\u00a0\u00bb4.17.4&Prime; _module_preset=\u00a0\u00bbdefault\u00a0\u00bb global_colors_info=\u00a0\u00bb{}\u00a0\u00bb][et_pb_text module_class=\u00a0\u00bbvinkjee\u00a0\u00bb _builder_version=\u00a0\u00bb4.17.4&Prime; _module_preset=\u00a0\u00bbdefault\u00a0\u00bb text_font_size=\u00a0\u00bb15px\u00a0\u00bb global_colors_info=\u00a0\u00bb{}\u00a0\u00bb]<\/p>\n<ul>\n<li>Location de voiture et de v\u00e9lo bouteille<\/li>\n<\/ul>\n<p>[\/et_pb_text][\/et_pb_column][et_pb_column type=\u00a0\u00bb1_3&Prime; _builder_version=\u00a0\u00bb4.17.4&Prime; _module_preset=\u00a0\u00bbdefault\u00a0\u00bb global_colors_info=\u00a0\u00bb{}\u00a0\u00bb][et_pb_text module_class=\u00a0\u00bbvinkjee\u00a0\u00bb _builder_version=\u00a0\u00bb4.17.4&Prime; _module_preset=\u00a0\u00bbdefault\u00a0\u00bb text_font_size=\u00a0\u00bb15px\u00a0\u00bb custom_margin=\u00a0\u00bb|||50px|false|false\u00a0\u00bb custom_margin_tablet=\u00a0\u00bb|||0px|false|false\u00a0\u00bb custom_margin_phone=\u00a0\u00bb|||0px|false|false\u00a0\u00bb custom_margin_last_edited=\u00a0\u00bbon|tablet\u00a0\u00bb global_colors_info=\u00a0\u00bb{}\u00a0\u00bb]<\/p>\n<ul>\n<li>Entretien des v\u00e9los<\/li>\n<\/ul>\n<p>[\/et_pb_text][\/et_pb_column][et_pb_column type=\u00a0\u00bb1_3&Prime; _builder_version=\u00a0\u00bb4.17.4&Prime; _module_preset=\u00a0\u00bbdefault\u00a0\u00bb global_colors_info=\u00a0\u00bb{}\u00a0\u00bb][et_pb_text module_class=\u00a0\u00bbvinkjee\u00a0\u00bb _builder_version=\u00a0\u00bb4.17.4&Prime; _module_preset=\u00a0\u00bbdefault\u00a0\u00bb text_font_size=\u00a0\u00bb15px\u00a0\u00bb global_colors_info=\u00a0\u00bb{}\u00a0\u00bb]<\/p>\n<ul>\n<li>Carte cycliste gratuite disponible<\/li>\n<\/ul>\n<p>[\/et_pb_text][\/et_pb_column][\/et_pb_row][\/et_pb_section][et_pb_section fb_built=\u00a0\u00bb1&Prime; _builder_version=\u00a0\u00bb4.17.4&Prime; _module_preset=\u00a0\u00bbdefault\u00a0\u00bb background_color=\u00a0\u00bbrgba(133,172,28,0.16)\u00a0\u00bb custom_margin=\u00a0\u00bb||120px||false|false\u00a0\u00bb custom_padding=\u00a0\u00bb0px||100px||false|false\u00a0\u00bb da_disable_devices=\u00a0\u00bboff|off|off\u00a0\u00bb global_colors_info=\u00a0\u00bb{}\u00a0\u00bb da_is_popup=\u00a0\u00bboff\u00a0\u00bb da_exit_intent=\u00a0\u00bboff\u00a0\u00bb da_has_close=\u00a0\u00bbon\u00a0\u00bb da_alt_close=\u00a0\u00bboff\u00a0\u00bb da_dark_close=\u00a0\u00bboff\u00a0\u00bb da_not_modal=\u00a0\u00bbon\u00a0\u00bb da_is_singular=\u00a0\u00bboff\u00a0\u00bb da_with_loader=\u00a0\u00bboff\u00a0\u00bb da_has_shadow=\u00a0\u00bbon\u00a0\u00bb][et_pb_row column_structure=\u00a0\u00bb1_3,1_3,1_3&Prime; use_custom_gutter=\u00a0\u00bbon\u00a0\u00bb gutter_width=\u00a0\u00bb2&Prime; make_equal=\u00a0\u00bbon\u00a0\u00bb custom_padding_last_edited=\u00a0\u00bbon|tablet\u00a0\u00bb _builder_version=\u00a0\u00bb4.17.4&Prime; _module_preset=\u00a0\u00bbdefault\u00a0\u00bb custom_padding=\u00a0\u00bb120px|50px|0px|50px|false|false\u00a0\u00bb custom_padding_tablet=\u00a0\u00bb|0px||0px|false|false\u00a0\u00bb custom_padding_phone=\u00a0\u00bb|0px||0px|false|false\u00a0\u00bb global_colors_info=\u00a0\u00bb{}\u00a0\u00bb][et_pb_column type=\u00a0\u00bb1_3&Prime; _builder_version=\u00a0\u00bb4.17.4&Prime; _module_preset=\u00a0\u00bbdefault\u00a0\u00bb global_colors_info=\u00a0\u00bb{}\u00a0\u00bb][et_pb_image src=\u00a0\u00bbhttps:\/\/vakantieparkzevenbergen.nl\/wp\/wp-content\/uploads\/2022\/06\/fietsonderhoud.jpg\u00a0\u00bb alt=\u00a0\u00bbEntretien v\u00e9lo\u00a0\u00bb title_text=\u00a0\u00bbEntretien v\u00e9lo\u00a0\u00bb _builder_version=\u00a0\u00bb4.17.4&Prime; _module_preset=\u00a0\u00bbdefault\u00a0\u00bb global_colors_info=\u00a0\u00bb{}\u00a0\u00bb][\/et_pb_image][et_pb_text _builder_version=\u00a0\u00bb4.17.4&Prime; _module_preset=\u00a0\u00bbdefault\u00a0\u00bb header_2_font=\u00a0\u00bbDM Sans|700|||||||\u00a0\u00bb header_2_text_color=\u00a0\u00bb#000000&Prime; header_2_font_size=\u00a0\u00bb19px\u00a0\u00bb custom_padding=\u00a0\u00bb20px||0px||false|false\u00a0\u00bb global_colors_info=\u00a0\u00bb{}\u00a0\u00bb]<\/p>\n<h2>Entretien v\u00e9lo<\/h2>\n<p>[\/et_pb_text][et_pb_text _builder_version=\u00a0\u00bb4.17.4&Prime; _module_preset=\u00a0\u00bbdefault\u00a0\u00bb text_font_size=\u00a0\u00bb14px\u00a0\u00bb global_colors_info=\u00a0\u00bb{}\u00a0\u00bb]<\/p>\n<p>Pour votre confort, vous trouverez \u00e9galement un mur technique au parc de vacances Zevenbergen afin que vous puissiez garder votre v\u00e9lo dans un \u00e9tat optimal. Des outils pratiques sont disponibles pour le r\u00e9glage de toutes les pi\u00e8ces du v\u00e9lo. Bien s\u00fbr, vous pouvez \u00e9galement y gonfler les pneus de votre v\u00e9lo.<\/p>\n<p>[\/et_pb_text][\/et_pb_column][et_pb_column type=\u00a0\u00bb1_3&Prime; _builder_version=\u00a0\u00bb4.17.4&Prime; _module_preset=\u00a0\u00bbdefault\u00a0\u00bb background_enable_image=\u00a0\u00bboff\u00a0\u00bb global_colors_info=\u00a0\u00bb{}\u00a0\u00bb][et_pb_image src=\u00a0\u00bbhttps:\/\/vakantieparkzevenbergen.nl\/wp\/wp-content\/uploads\/2022\/06\/bijzonder-vervoer.jpg\u00a0\u00bb alt=\u00a0\u00bbTransports sp\u00e9ciaux\u00a0\u00bb title_text=\u00a0\u00bbTransports sp\u00e9ciaux\u00a0\u00bb _builder_version=\u00a0\u00bb4.17.4&Prime; _module_preset=\u00a0\u00bbdefault\u00a0\u00bb global_colors_info=\u00a0\u00bb{}\u00a0\u00bb][\/et_pb_image][et_pb_text _builder_version=\u00a0\u00bb4.17.4&Prime; _module_preset=\u00a0\u00bbdefault\u00a0\u00bb header_2_font=\u00a0\u00bbDM Sans|700|||||||\u00a0\u00bb header_2_text_color=\u00a0\u00bb#000000&Prime; header_2_font_size=\u00a0\u00bb19px\u00a0\u00bb custom_padding=\u00a0\u00bb20px||0px||false|false\u00a0\u00bb global_colors_info=\u00a0\u00bb{}\u00a0\u00bb]<\/p>\n<h2>Transports sp\u00e9ciaux<\/h2>\n<p>[\/et_pb_text][et_pb_text _builder_version=\u00a0\u00bb4.17.4&Prime; _module_preset=\u00a0\u00bbdefault\u00a0\u00bb text_font_size=\u00a0\u00bb14px\u00a0\u00bb global_colors_info=\u00a0\u00bb{}\u00a0\u00bb]<\/p>\n<p>Il existe d&rsquo;innombrables fa\u00e7ons de se d\u00e9placer dans la belle campagne braban\u00e7onne. Avec votre propre transport\u2026 ou avec un transport tr\u00e8s sp\u00e9cial. Vous pouvez par exemple louer des solex dans la r\u00e9gion. Vous pr\u00e9f\u00e9rez sortir avec un deux chevaux estival ? C&rsquo;est \u00e9galement possible, renseignez-vous aupr\u00e8s de l&rsquo;accueil du parc de vacances.<\/p>\n<p>[\/et_pb_text][\/et_pb_column][et_pb_column type=\u00a0\u00bb1_3&Prime; _builder_version=\u00a0\u00bb4.17.4&Prime; _module_preset=\u00a0\u00bbdefault\u00a0\u00bb background_enable_image=\u00a0\u00bboff\u00a0\u00bb global_colors_info=\u00a0\u00bb{}\u00a0\u00bb][et_pb_image src=\u00a0\u00bbhttps:\/\/vakantieparkzevenbergen.nl\/wp\/wp-content\/uploads\/2022\/07\/pro.jpg\u00a0\u00bb alt=\u00a0\u00bbvoisinage\u00a0\u00bb title_text=\u00a0\u00bbpro\u00a0\u00bb url=\u00a0\u00bb\/fr\/environs\/\u00a0\u00bb _builder_version=\u00a0\u00bb4.17.4&Prime; _module_preset=\u00a0\u00bbdefault\u00a0\u00bb global_colors_info=\u00a0\u00bb{}\u00a0\u00bb][\/et_pb_image][et_pb_text _builder_version=\u00a0\u00bb4.17.4&Prime; _module_preset=\u00a0\u00bbdefault\u00a0\u00bb header_2_font=\u00a0\u00bbDM Sans|700|||||||\u00a0\u00bb header_2_text_color=\u00a0\u00bb#000000&Prime; header_2_font_size=\u00a0\u00bb19px\u00a0\u00bb custom_padding=\u00a0\u00bb20px||0px||false|false\u00a0\u00bb global_colors_info=\u00a0\u00bb{}\u00a0\u00bb]<\/p>\n<h2>Itin\u00e9raires p\u00e9destres et cyclables<\/h2>\n<p>[\/et_pb_text][et_pb_text _builder_version=\u00a0\u00bb4.17.4&Prime; _module_preset=\u00a0\u00bbdefault\u00a0\u00bb text_font_size=\u00a0\u00bb14px\u00a0\u00bb global_colors_info=\u00a0\u00bb{}\u00a0\u00bb]<\/p>\n<p>Nulle part aux Pays-Bas vous ne trouverez autant d&rsquo;itin\u00e9raires p\u00e9destres et cyclistes diff\u00e9rents qu&rsquo;au carrefour du Brabant. Le parc de vacances Zevenbergen est le point de d\u00e9part id\u00e9al pour les randonneurs et les cyclistes et vous emm\u00e8ne \u00e0 travers la r\u00e9gion via des dizaines d&rsquo;itin\u00e9raires. Demandez-le \u00e0 la r\u00e9ception.<\/p>\n<p>[\/et_pb_text][\/et_pb_column][\/et_pb_row][\/et_pb_section]<\/p>\n","protected":false},"excerpt":{"rendered":"<p>Grandplaisir \u00e0 v\u00e9loLocation de voiture et de v\u00e9lo bouteilleVous n&rsquo;avez pas amen\u00e9 de v\u00e9lo dans le Brabant, mais vous aimeriez faire une agr\u00e9able balade \u00e0 v\u00e9lo ? Bien, c&rsquo;est possible. Le parc dispose de plusieurs v\u00e9los que vous pouvez louer, hommes, femmes et enfants. Excellents v\u00e9los pour explorer la r\u00e9gion. Une charrette \u00e0 bras est [&hellip;]<\/p>\n","protected":false},"author":1,"featured_media":0,"parent":1152,"menu_order":0,"comment_status":"closed","ping_status":"closed","template":"","meta":{"_et_pb_use_builder":"on","_et_pb_old_content":"","_et_gb_content_width":"","ngg_post_thumbnail":0,"footnotes":""},"class_list":["post-1165","page","type-page","status-publish","hentry"],"yoast_head":"<!-- This site is optimized with the Yoast SEO plugin v27.4 - https:\/\/yoast.com\/product\/yoast-seo-wordpress\/ -->\n<title>Location | Vakantiepark Zevenbergen<\/title>\n<meta name=\"robots\" content=\"index, follow, max-snippet:-1, max-image-preview:large, max-video-preview:-1\" \/>\n<link rel=\"canonical\" href=\"https:\/\/vakantieparkzevenbergen.nl\/fr\/parc\/location\/\" \/>\n<meta property=\"og:locale\" content=\"fr_FR\" \/>\n<meta property=\"og:type\" content=\"article\" \/>\n<meta property=\"og:title\" content=\"Location | Vakantiepark Zevenbergen\" \/>\n<meta property=\"og:description\" content=\"Grandplaisir \u00e0 v\u00e9loLocation de voiture et de v\u00e9lo bouteilleVous n&#039;avez pas amen\u00e9 de v\u00e9lo dans le Brabant, mais vous aimeriez faire une agr\u00e9able balade \u00e0 v\u00e9lo ? Bien, c&#039;est possible. Le parc dispose de plusieurs v\u00e9los que vous pouvez louer, hommes, femmes et enfants. Excellents v\u00e9los pour explorer la r\u00e9gion. Une charrette \u00e0 bras est [&hellip;]\" \/>\n<meta property=\"og:url\" content=\"https:\/\/vakantieparkzevenbergen.nl\/fr\/parc\/location\/\" \/>\n<meta property=\"og:site_name\" content=\"Vakantiepark Zevenbergen\" \/>\n<meta property=\"article:modified_time\" content=\"2023-01-23T15:23:41+00:00\" \/>\n<meta name=\"twitter:card\" content=\"summary_large_image\" \/>\n<meta name=\"twitter:label1\" content=\"Dur\u00e9e de lecture estim\u00e9e\" \/>\n\t<meta name=\"twitter:data1\" content=\"7 minutes\" \/>\n<script type=\"application\/ld+json\" class=\"yoast-schema-graph\">{\"@context\":\"https:\\\/\\\/schema.org\",\"@graph\":[{\"@type\":\"WebPage\",\"@id\":\"https:\\\/\\\/vakantieparkzevenbergen.nl\\\/fr\\\/parc\\\/location\\\/\",\"url\":\"https:\\\/\\\/vakantieparkzevenbergen.nl\\\/fr\\\/parc\\\/location\\\/\",\"name\":\"Location | Vakantiepark Zevenbergen\",\"isPartOf\":{\"@id\":\"https:\\\/\\\/vakantieparkzevenbergen.nl\\\/#website\"},\"datePublished\":\"2022-06-08T13:43:09+00:00\",\"dateModified\":\"2023-01-23T15:23:41+00:00\",\"breadcrumb\":{\"@id\":\"https:\\\/\\\/vakantieparkzevenbergen.nl\\\/fr\\\/parc\\\/location\\\/#breadcrumb\"},\"inLanguage\":\"fr-FR\",\"potentialAction\":[{\"@type\":\"ReadAction\",\"target\":[\"https:\\\/\\\/vakantieparkzevenbergen.nl\\\/fr\\\/parc\\\/location\\\/\"]}]},{\"@type\":\"BreadcrumbList\",\"@id\":\"https:\\\/\\\/vakantieparkzevenbergen.nl\\\/fr\\\/parc\\\/location\\\/#breadcrumb\",\"itemListElement\":[{\"@type\":\"ListItem\",\"position\":1,\"name\":\"Home\",\"item\":\"https:\\\/\\\/vakantieparkzevenbergen.nl\\\/fr\\\/\"},{\"@type\":\"ListItem\",\"position\":2,\"name\":\"Parc\",\"item\":\"https:\\\/\\\/vakantieparkzevenbergen.nl\\\/fr\\\/parc\\\/\"},{\"@type\":\"ListItem\",\"position\":3,\"name\":\"Location\"}]},{\"@type\":\"WebSite\",\"@id\":\"https:\\\/\\\/vakantieparkzevenbergen.nl\\\/#website\",\"url\":\"https:\\\/\\\/vakantieparkzevenbergen.nl\\\/\",\"name\":\"Vakantiepark Zevenbergen\",\"description\":\"\",\"publisher\":{\"@id\":\"https:\\\/\\\/vakantieparkzevenbergen.nl\\\/#organization\"},\"potentialAction\":[{\"@type\":\"SearchAction\",\"target\":{\"@type\":\"EntryPoint\",\"urlTemplate\":\"https:\\\/\\\/vakantieparkzevenbergen.nl\\\/?s={search_term_string}\"},\"query-input\":{\"@type\":\"PropertyValueSpecification\",\"valueRequired\":true,\"valueName\":\"search_term_string\"}}],\"inLanguage\":\"fr-FR\"},{\"@type\":\"Organization\",\"@id\":\"https:\\\/\\\/vakantieparkzevenbergen.nl\\\/#organization\",\"name\":\"Vakantiepark Zevenbergen\",\"alternateName\":\"Tussen Den Bosch en Nijmegen tref je het autovrije park aan, geschikt voor alle leeftijden. Ontspannen recre\u00ebren staat centraal. De \u201cvrijstaande\u201d vakantiebungalows\",\"url\":\"https:\\\/\\\/vakantieparkzevenbergen.nl\\\/\",\"logo\":{\"@type\":\"ImageObject\",\"inLanguage\":\"fr-FR\",\"@id\":\"https:\\\/\\\/vakantieparkzevenbergen.nl\\\/#\\\/schema\\\/logo\\\/image\\\/\",\"url\":\"https:\\\/\\\/vakantieparkzevenbergen.nl\\\/wp\\\/wp-content\\\/uploads\\\/2022\\\/06\\\/vakantiepark-Zevenbergen.jpg\",\"contentUrl\":\"https:\\\/\\\/vakantieparkzevenbergen.nl\\\/wp\\\/wp-content\\\/uploads\\\/2022\\\/06\\\/vakantiepark-Zevenbergen.jpg\",\"width\":935,\"height\":279,\"caption\":\"Vakantiepark Zevenbergen\"},\"image\":{\"@id\":\"https:\\\/\\\/vakantieparkzevenbergen.nl\\\/#\\\/schema\\\/logo\\\/image\\\/\"}}]}<\/script>\n<!-- \/ Yoast SEO plugin. -->","yoast_head_json":{"title":"Location | Vakantiepark Zevenbergen","robots":{"index":"index","follow":"follow","max-snippet":"max-snippet:-1","max-image-preview":"max-image-preview:large","max-video-preview":"max-video-preview:-1"},"canonical":"https:\/\/vakantieparkzevenbergen.nl\/fr\/parc\/location\/","og_locale":"fr_FR","og_type":"article","og_title":"Location | Vakantiepark Zevenbergen","og_description":"Grandplaisir \u00e0 v\u00e9loLocation de voiture et de v\u00e9lo bouteilleVous n'avez pas amen\u00e9 de v\u00e9lo dans le Brabant, mais vous aimeriez faire une agr\u00e9able balade \u00e0 v\u00e9lo ? Bien, c'est possible. Le parc dispose de plusieurs v\u00e9los que vous pouvez louer, hommes, femmes et enfants. Excellents v\u00e9los pour explorer la r\u00e9gion. Une charrette \u00e0 bras est [&hellip;]","og_url":"https:\/\/vakantieparkzevenbergen.nl\/fr\/parc\/location\/","og_site_name":"Vakantiepark Zevenbergen","article_modified_time":"2023-01-23T15:23:41+00:00","twitter_card":"summary_large_image","twitter_misc":{"Dur\u00e9e de lecture estim\u00e9e":"7 minutes"},"schema":{"@context":"https:\/\/schema.org","@graph":[{"@type":"WebPage","@id":"https:\/\/vakantieparkzevenbergen.nl\/fr\/parc\/location\/","url":"https:\/\/vakantieparkzevenbergen.nl\/fr\/parc\/location\/","name":"Location | Vakantiepark Zevenbergen","isPartOf":{"@id":"https:\/\/vakantieparkzevenbergen.nl\/#website"},"datePublished":"2022-06-08T13:43:09+00:00","dateModified":"2023-01-23T15:23:41+00:00","breadcrumb":{"@id":"https:\/\/vakantieparkzevenbergen.nl\/fr\/parc\/location\/#breadcrumb"},"inLanguage":"fr-FR","potentialAction":[{"@type":"ReadAction","target":["https:\/\/vakantieparkzevenbergen.nl\/fr\/parc\/location\/"]}]},{"@type":"BreadcrumbList","@id":"https:\/\/vakantieparkzevenbergen.nl\/fr\/parc\/location\/#breadcrumb","itemListElement":[{"@type":"ListItem","position":1,"name":"Home","item":"https:\/\/vakantieparkzevenbergen.nl\/fr\/"},{"@type":"ListItem","position":2,"name":"Parc","item":"https:\/\/vakantieparkzevenbergen.nl\/fr\/parc\/"},{"@type":"ListItem","position":3,"name":"Location"}]},{"@type":"WebSite","@id":"https:\/\/vakantieparkzevenbergen.nl\/#website","url":"https:\/\/vakantieparkzevenbergen.nl\/","name":"Vakantiepark Zevenbergen","description":"","publisher":{"@id":"https:\/\/vakantieparkzevenbergen.nl\/#organization"},"potentialAction":[{"@type":"SearchAction","target":{"@type":"EntryPoint","urlTemplate":"https:\/\/vakantieparkzevenbergen.nl\/?s={search_term_string}"},"query-input":{"@type":"PropertyValueSpecification","valueRequired":true,"valueName":"search_term_string"}}],"inLanguage":"fr-FR"},{"@type":"Organization","@id":"https:\/\/vakantieparkzevenbergen.nl\/#organization","name":"Vakantiepark Zevenbergen","alternateName":"Tussen Den Bosch en Nijmegen tref je het autovrije park aan, geschikt voor alle leeftijden. Ontspannen recre\u00ebren staat centraal. De \u201cvrijstaande\u201d vakantiebungalows","url":"https:\/\/vakantieparkzevenbergen.nl\/","logo":{"@type":"ImageObject","inLanguage":"fr-FR","@id":"https:\/\/vakantieparkzevenbergen.nl\/#\/schema\/logo\/image\/","url":"https:\/\/vakantieparkzevenbergen.nl\/wp\/wp-content\/uploads\/2022\/06\/vakantiepark-Zevenbergen.jpg","contentUrl":"https:\/\/vakantieparkzevenbergen.nl\/wp\/wp-content\/uploads\/2022\/06\/vakantiepark-Zevenbergen.jpg","width":935,"height":279,"caption":"Vakantiepark Zevenbergen"},"image":{"@id":"https:\/\/vakantieparkzevenbergen.nl\/#\/schema\/logo\/image\/"}}]}},"_links":{"self":[{"href":"https:\/\/vakantieparkzevenbergen.nl\/fr\/wp-json\/wp\/v2\/pages\/1165","targetHints":{"allow":["GET"]}}],"collection":[{"href":"https:\/\/vakantieparkzevenbergen.nl\/fr\/wp-json\/wp\/v2\/pages"}],"about":[{"href":"https:\/\/vakantieparkzevenbergen.nl\/fr\/wp-json\/wp\/v2\/types\/page"}],"author":[{"embeddable":true,"href":"https:\/\/vakantieparkzevenbergen.nl\/fr\/wp-json\/wp\/v2\/users\/1"}],"replies":[{"embeddable":true,"href":"https:\/\/vakantieparkzevenbergen.nl\/fr\/wp-json\/wp\/v2\/comments?post=1165"}],"version-history":[{"count":0,"href":"https:\/\/vakantieparkzevenbergen.nl\/fr\/wp-json\/wp\/v2\/pages\/1165\/revisions"}],"up":[{"embeddable":true,"href":"https:\/\/vakantieparkzevenbergen.nl\/fr\/wp-json\/wp\/v2\/pages\/1152"}],"wp:attachment":[{"href":"https:\/\/vakantieparkzevenbergen.nl\/fr\/wp-json\/wp\/v2\/media?parent=1165"}],"curies":[{"name":"wp","href":"https:\/\/api.w.org\/{rel}","templated":true}]}}